{"id":536,"date":"2015-10-27T09:35:27","date_gmt":"2015-10-27T09:35:27","guid":{"rendered":"http:\/\/demo.themeum.com\/wordpress\/eventum\/?page_id=536"},"modified":"2026-03-11T19:39:46","modified_gmt":"2026-03-11T19:39:46","slug":"home-slider","status":"publish","type":"page","link":"https:\/\/www.semanasantavinaros.es\/ss\/","title":{"rendered":"Home Slider"},"content":{"rendered":"<div class=\"wpb-content-wrapper\">[vc_row full_width=\u00bbstretch_row\u00bb][vc_column][rev_slider_vc alias=\u00bbslider-variation1&#8243;][\/vc_column][\/vc_row][vc_row full_width=\u00bbstretch_row\u00bb css=\u00bb.vc_custom_1452074228893{margin-top: 70px !important;margin-bottom: 100px !important;}\u00bb][vc_column width=\u00bb1\/4&#8243;][\/vc_column][vc_column width=\u00bb3\/4&#8243;]<div class=\"themeum-title  rtl-right\" style=\"text-align:left;\"><h3 class=\"style-title\" style=\"font-weight:700;font-size:36px;line-height: normal;color:#92278f;\">Semana Santa de Vinar\u00f2s<\/h3><h4 class=\"style-sub-title\" style=\"font-size:24px;font-weight:600;color:#0a0a0a;\">Fiesta de Inter\u00e9s Tur\u00edstico Auton\u00f3mico<\/h4><\/div>[vc_empty_space height=\u00bb25px\u00bb][vc_column_text]\r\n<p style=\"text-align: justify;\">Las procesiones al anochecer y actos religiosos se centran principalmente en los d\u00edas de Jueves y Viernes Santo. Pasos e im\u00e1genes religiosas de gran valor art\u00edstico salen de iglesias y capillas. La primera de las procesiones es el Mi\u00e9rcoles santo a las cinco de la madrugada, conocida como la Process\u00f3 de la Matinada: un acto lit\u00fargico, recuperado hace unos a\u00f1os, que se remonta a una tradici\u00f3n secular. Jueves y Viernes santo al atardecer, las calles del centro hist\u00f3rico de Vinar\u00f2s se abarrotan para contemplar las solemnes procesiones de las cofrad\u00edas y sus pasos. La \u00faltima de las procesiones es la Procesi\u00f3n del Encuentro el domingo de Pascua. Durante estas celebraciones tambi\u00e9n hay programados conciertos y exposiciones, que convierten estas fiestas religiosas tambi\u00e9n en actos culturales y festivos.<\/p>\r\n[\/vc_column_text][vc_empty_space height=\u00bb15px\u00bb][\/vc_column][vc_column][\/vc_column][\/vc_row][vc_row full_width=\u00bbstretch_row\u00bb css=\u00bb.vc_custom_1456352624644{margin-top: 0px !important;margin-bottom: 0px !important;padding-top: 70px !important;padding-bottom: 100px !important;background-image: url(https:\/\/www.semanasantavinaros.es\/ss\/wp-content\/uploads\/MG_0522.jpg?id=723) !important;background-position: center !important;background-repeat: no-repeat !important;background-size: cover !important;}\u00bb][vc_column]<div class=\"themeum-title  \" style=\"text-align:center;\"><h3 class=\"style-title\" style=\"margin:0 0 40px 0;font-weight:700;font-size:36px;line-height: normal;color:#ffffff;\">Cofrad\u00edas<\/h3><\/div><div class=\"themeum-speaker-listing speaker-transparent\"><div class=\"row\"><div class=\"col-xs-12 col-sm-6 col-md-3\"><div class=\"sp-speaker\"><div class=\"speaker-image\"><div class=\"speaker-image-wrapper\"><img class=\"img-responsive\" src=\"https:\/\/www.semanasantavinaros.es\/ss\/wp-content\/uploads\/MG_9469-458x458.jpg\" alt=\"La Oraci\u00f3n del Huerto\"><div class=\"social-icons\"><ul class=\"social-links-4\"><\/ul><\/div><\/div><\/div><h4 class=\"speaker-title\"><a href=\"https:\/\/www.semanasantavinaros.es\/ss\/speaker\/oracion-huerto\/\">La Oraci\u00f3n del Huerto<\/a><\/h4><p class=\"speaker-designation\">Cofrad\u00eda<\/p><\/div><\/div><div class=\"col-xs-12 col-sm-6 col-md-3\"><div class=\"sp-speaker\"><div class=\"speaker-image\"><div class=\"speaker-image-wrapper\"><img class=\"img-responsive\" src=\"https:\/\/www.semanasantavinaros.es\/ss\/wp-content\/uploads\/MG_9997-458x458.jpg\" alt=\"Paso de San Pedro\"><div class=\"social-icons\"><ul class=\"social-links-4\"><\/ul><\/div><\/div><\/div><h4 class=\"speaker-title\"><a href=\"https:\/\/www.semanasantavinaros.es\/ss\/speaker\/sanpedro\/\">Paso de San Pedro<\/a><\/h4><p class=\"speaker-designation\">Cofrad\u00eda<\/p><\/div><\/div><div class=\"col-xs-12 col-sm-6 col-md-3\"><div class=\"sp-speaker\"><div class=\"speaker-image\"><div class=\"speaker-image-wrapper\"><img class=\"img-responsive\" src=\"https:\/\/www.semanasantavinaros.es\/ss\/wp-content\/uploads\/MG_9542-458x458.jpg\" alt=\"Hermandad Estudiantil de los Azotes en la Columna\"><div class=\"social-icons\"><ul class=\"social-links-4\"><\/ul><\/div><\/div><\/div><h4 class=\"speaker-title\"><a href=\"https:\/\/www.semanasantavinaros.es\/ss\/speaker\/azotesenlacolumna\/\">Hermandad Estudiantil de los Azotes en la Columna<\/a><\/h4><p class=\"speaker-designation\">Cofrad\u00eda<\/p><\/div><\/div><div class=\"col-xs-12 col-sm-6 col-md-3\"><div class=\"sp-speaker\"><div class=\"speaker-image\"><div class=\"speaker-image-wrapper\"><img class=\"img-responsive\" src=\"https:\/\/www.semanasantavinaros.es\/ss\/wp-content\/uploads\/MG_0687-458x458.jpg\" alt=\"Ecce Homo\"><div class=\"social-icons\"><ul class=\"social-links-4\"><\/ul><\/div><\/div><\/div><h4 class=\"speaker-title\"><a href=\"https:\/\/www.semanasantavinaros.es\/ss\/speaker\/ecce-homo\/\">Ecce Homo<\/a><\/h4><p class=\"speaker-designation\">Cofrad\u00eda<\/p><\/div><\/div><\/div><div class=\"row\"><div class=\"col-xs-12 col-sm-6 col-md-3\"><div class=\"sp-speaker\"><div class=\"speaker-image\"><div class=\"speaker-image-wrapper\"><img class=\"img-responsive\" src=\"https:\/\/www.semanasantavinaros.es\/ss\/wp-content\/uploads\/MG_0557-458x458.jpg\" alt=\"Hermandad de Jes\u00fas Cautivo y Ntra. Sra. de la Merced\"><div class=\"social-icons\"><ul class=\"social-links-4\"><\/ul><\/div><\/div><\/div><h4 class=\"speaker-title\"><a href=\"https:\/\/www.semanasantavinaros.es\/ss\/speaker\/jesus-cautivo-merced\/\">Hermandad de Jes\u00fas Cautivo y Ntra. Sra. de la Merced<\/a><\/h4><p class=\"speaker-designation\">Cofrad\u00eda<\/p><\/div><\/div><div class=\"col-xs-12 col-sm-6 col-md-3\"><div class=\"sp-speaker\"><div class=\"speaker-image\"><div class=\"speaker-image-wrapper\"><img class=\"img-responsive\" src=\"https:\/\/www.semanasantavinaros.es\/ss\/wp-content\/uploads\/MG_0787-458x458.jpg\" alt=\"Venerable Cofrad\u00eda de la Sant\u00edsima Faz\"><div class=\"social-icons\"><ul class=\"social-links-4\"><\/ul><\/div><\/div><\/div><h4 class=\"speaker-title\"><a href=\"https:\/\/www.semanasantavinaros.es\/ss\/speaker\/santisima-faz\/\">Venerable Cofrad\u00eda de la Sant\u00edsima Faz<\/a><\/h4><p class=\"speaker-designation\">Cofrad\u00eda<\/p><\/div><\/div><div class=\"col-xs-12 col-sm-6 col-md-3\"><div class=\"sp-speaker\"><div class=\"speaker-image\"><div class=\"speaker-image-wrapper\"><img class=\"img-responsive\" src=\"https:\/\/www.semanasantavinaros.es\/ss\/wp-content\/uploads\/MG_8217-458x458.jpg\" alt=\"Jes\u00fas Nazareno y Santo Sepulcro\"><div class=\"social-icons\"><ul class=\"social-links-4\"><li class=\"social-1\"><a target=\"_blank\" class=\"social-facebook\" href=\"https:\/\/www.facebook.com\/groups\/256350907724853\/\"><i class=\"fa fa-facebook\"><\/i><\/a><\/li><\/ul><\/div><\/div><\/div><h4 class=\"speaker-title\"><a href=\"https:\/\/www.semanasantavinaros.es\/ss\/speaker\/jesusnazareno\/\">Jes\u00fas Nazareno y Santo Sepulcro<\/a><\/h4><p class=\"speaker-designation\">Cofrad\u00eda<\/p><\/div><\/div><div class=\"col-xs-12 col-sm-6 col-md-3\"><div class=\"sp-speaker\"><div class=\"speaker-image\"><div class=\"speaker-image-wrapper\"><img class=\"img-responsive\" src=\"https:\/\/www.semanasantavinaros.es\/ss\/wp-content\/uploads\/MG_0908-458x458.jpg\" alt=\"Portantes Virgen de los Dolores\"><div class=\"social-icons\"><ul class=\"social-links-4\"><\/ul><\/div><\/div><\/div><h4 class=\"speaker-title\"><a href=\"https:\/\/www.semanasantavinaros.es\/ss\/speaker\/dolores\/\">Portantes Virgen de los Dolores<\/a><\/h4><p class=\"speaker-designation\">Cofrad\u00eda<\/p><\/div><\/div><\/div><div class=\"row\"><div class=\"col-xs-12 col-sm-6 col-md-3\"><div class=\"sp-speaker\"><div class=\"speaker-image\"><div class=\"speaker-image-wrapper\"><img class=\"img-responsive\" src=\"https:\/\/www.semanasantavinaros.es\/ss\/wp-content\/uploads\/cristodelapaz-458x458.jpg\" alt=\"Cristo de la Paz\"><div class=\"social-icons\"><ul class=\"social-links-4\"><li class=\"social-1\"><a target=\"_blank\" class=\"social-facebook\" href=\"https:\/\/www.facebook.com\/groups\/1675246712730970\/\"><i class=\"fa fa-facebook\"><\/i><\/a><\/li><\/ul><\/div><\/div><\/div><h4 class=\"speaker-title\"><a href=\"https:\/\/www.semanasantavinaros.es\/ss\/speaker\/cristo-de-la-paz\/\">Cristo de la Paz<\/a><\/h4><p class=\"speaker-designation\">Cofrad\u00eda<\/p><\/div><\/div><div class=\"col-xs-12 col-sm-6 col-md-3\"><div class=\"sp-speaker\"><div class=\"speaker-image\"><div class=\"speaker-image-wrapper\"><img class=\"img-responsive\" src=\"https:\/\/www.semanasantavinaros.es\/ss\/wp-content\/uploads\/cristmarines-458x458.jpg\" alt=\"Crist dels Mariners\"><div class=\"social-icons\"><ul class=\"social-links-4\"><\/ul><\/div><\/div><\/div><h4 class=\"speaker-title\"><a href=\"https:\/\/www.semanasantavinaros.es\/ss\/speaker\/crist-dels-mariners\/\">Crist dels Mariners<\/a><\/h4><p class=\"speaker-designation\">Cofrad\u00eda<\/p><\/div><\/div><div class=\"col-xs-12 col-sm-6 col-md-3\"><div class=\"sp-speaker\"><div class=\"speaker-image\"><div class=\"speaker-image-wrapper\"><img class=\"img-responsive\" src=\"https:\/\/www.semanasantavinaros.es\/ss\/wp-content\/uploads\/MG_9883-458x458.jpg\" alt=\"El Descendimiento\"><div class=\"social-icons\"><ul class=\"social-links-4\"><\/ul><\/div><\/div><\/div><h4 class=\"speaker-title\"><a href=\"https:\/\/www.semanasantavinaros.es\/ss\/speaker\/el-descendimiento\/\">El Descendimiento<\/a><\/h4><p class=\"speaker-designation\">Cofrad\u00eda<\/p><\/div><\/div><div class=\"col-xs-12 col-sm-6 col-md-3\"><div class=\"sp-speaker\"><div class=\"speaker-image\"><div class=\"speaker-image-wrapper\"><img class=\"img-responsive\" src=\"https:\/\/www.semanasantavinaros.es\/ss\/wp-content\/uploads\/MG_0859-458x458.jpg\" alt=\"Virgen de las Angustias\"><div class=\"social-icons\"><ul class=\"social-links-4\"><li class=\"social-1\"><a target=\"_blank\" class=\"social-facebook\" href=\"https:\/\/www.facebook.com\/cofradiavirgendelasangustiasvinaros\/\"><i class=\"fa fa-facebook\"><\/i><\/a><\/li><\/ul><\/div><\/div><\/div><h4 class=\"speaker-title\"><a href=\"https:\/\/www.semanasantavinaros.es\/ss\/speaker\/virgen-de-las-angustias\/\">Virgen de las Angustias<\/a><\/h4><p class=\"speaker-designation\">Cofrad\u00eda<\/p><\/div><\/div><\/div><div class=\"row\"><div class=\"col-xs-12 col-sm-6 col-md-3\"><div class=\"sp-speaker\"><div class=\"speaker-image\"><div class=\"speaker-image-wrapper\"><img class=\"img-responsive\" src=\"https:\/\/www.semanasantavinaros.es\/ss\/wp-content\/uploads\/MG_9930-458x458.jpg\" alt=\"Cristo de la Familia Juan\"><div class=\"social-icons\"><ul class=\"social-links-4\"><\/ul><\/div><\/div><\/div><h4 class=\"speaker-title\"><a href=\"https:\/\/www.semanasantavinaros.es\/ss\/speaker\/cristo-de-la-familia-juan\/\">Cristo de la Familia Juan<\/a><\/h4><p class=\"speaker-designation\">Cofrad\u00eda<\/p><\/div><\/div><div class=\"col-xs-12 col-sm-6 col-md-3\"><div class=\"sp-speaker\"><div class=\"speaker-image\"><div class=\"speaker-image-wrapper\"><img class=\"img-responsive\" src=\"https:\/\/www.semanasantavinaros.es\/ss\/wp-content\/uploads\/santisimo-458x458.jpg\" alt=\"Sant\u00edssim Sagrament\"><div class=\"social-icons\"><ul class=\"social-links-4\"><\/ul><\/div><\/div><\/div><h4 class=\"speaker-title\"><a href=\"https:\/\/www.semanasantavinaros.es\/ss\/speaker\/santissim-sagrament\/\">Sant\u00edssim Sagrament<\/a><\/h4><p class=\"speaker-designation\">Cofrad\u00eda<\/p><\/div><\/div><div class=\"col-xs-12 col-sm-6 col-md-3\"><div class=\"sp-speaker\"><div class=\"speaker-image\"><div class=\"speaker-image-wrapper\"><img class=\"img-responsive\" src=\"https:\/\/www.semanasantavinaros.es\/ss\/wp-content\/uploads\/MG_4536-458x458.jpg\" alt=\"Portantes de la Virgen del Encuentro\"><div class=\"social-icons\"><ul class=\"social-links-4\"><\/ul><\/div><\/div><\/div><h4 class=\"speaker-title\"><a href=\"https:\/\/www.semanasantavinaros.es\/ss\/speaker\/portantes-de-la-virgen-del-encuentro\/\">Portantes de la Virgen del Encuentro<\/a><\/h4><p class=\"speaker-designation\">Cofrad\u00eda<\/p><\/div><\/div><\/div><\/div>[\/vc_column][\/vc_row][vc_row full_width=\u00bbstretch_row\u00bb css=\u00bb.vc_custom_1452074279045{margin-top: 70px !important;margin-bottom: 60px !important;}\u00bb][vc_column]<div class=\"themeum-title  \" style=\"text-align:center;\"><h3 class=\"style-title\" style=\"margin:0 0 40px 0;font-weight:900;font-size:36px;line-height: normal;color:#333333;\">Nuestras noticias<\/h3><\/div><ul class=\"latest-review \"><li class=\"latest-review-single-item review-col-three\"><a class=\"review-item-image\"  href=\"https:\/\/www.semanasantavinaros.es\/ss\/un-any-mes-ho-hem-fet-possible\/\"><img width=\"750\" height=\"400\" src=\"https:\/\/www.semanasantavinaros.es\/ss\/wp-content\/uploads\/Semana_Santa_2026-750x400.jpg\" class=\"img-responsive wp-post-image\" alt=\"\" decoding=\"async\" loading=\"lazy\" \/><\/a><span class=\"entry-date\">18 Abr 2026<\/span><h3 class=\"entry-title\"><a href=\"https:\/\/www.semanasantavinaros.es\/ss\/un-any-mes-ho-hem-fet-possible\/\">Un any m\u00e9s ho hem fet possible!!!<\/a><\/h3><\/li><li class=\"latest-review-single-item review-col-three\"><a class=\"review-item-image\"  href=\"https:\/\/www.semanasantavinaros.es\/ss\/presentacion-del-cartel-anunciador-y-pregonero-de-la-semana-santa-de-vinaros-2026\/\"><img width=\"750\" height=\"400\" src=\"https:\/\/www.semanasantavinaros.es\/ss\/wp-content\/uploads\/image-9-750x400.png\" class=\"img-responsive wp-post-image\" alt=\"\" decoding=\"async\" loading=\"lazy\" \/><\/a><span class=\"entry-date\">29 Ene 2026<\/span><h3 class=\"entry-title\"><a href=\"https:\/\/www.semanasantavinaros.es\/ss\/presentacion-del-cartel-anunciador-y-pregonero-de-la-semana-santa-de-vinaros-2026\/\">PRESENTACI\u00d3N DEL CARTEL ANUNCIADOR Y PREGONERO DE LA SEMANA SANTA DE VINAR\u00d2S 2026<\/a><\/h3><\/li><li class=\"latest-review-single-item review-col-three\"><a class=\"review-item-image\"  href=\"https:\/\/www.semanasantavinaros.es\/ss\/bases-del-concurso-carteles-semana-santa-vinaros-2026\/\"><img width=\"750\" height=\"400\" src=\"https:\/\/www.semanasantavinaros.es\/ss\/wp-content\/uploads\/ss2019-2-750x400.jpg\" class=\"img-responsive wp-post-image\" alt=\"\" decoding=\"async\" loading=\"lazy\" \/><\/a><span class=\"entry-date\">25 Nov 2025<\/span><h3 class=\"entry-title\"><a href=\"https:\/\/www.semanasantavinaros.es\/ss\/bases-del-concurso-carteles-semana-santa-vinaros-2026\/\">Bases del Concurso Carteles Semana Santa Vinar\u00f2s 2026<\/a><\/h3><\/li><\/ul>[\/vc_column][\/vc_row][vc_row full_width=\u00bbstretch_row\u00bb css=\u00bb.vc_custom_1451643405689{margin-top: 0px !important;margin-bottom: 0px !important;padding-top: 70px !important;padding-bottom: 100px !important;}\u00bb el_class=\u00bbcolorful-bg\u00bb][vc_column]<div class=\"themeum-title  \" style=\"text-align:center;\"><h3 class=\"style-title\" style=\"margin:0 0 60px 0;font-weight:900;font-size:36px;line-height: normal;color:#333333;\">Programaci\u00f3n<\/h3><\/div><div class=\"themeum-title  \" style=\"text-align:center;\"><h3 class=\"style-title\" style=\"margin:0 0 40px 0;font-weight:700;font-size:24px;line-height: normal;color:#333333;\">Toda la programaci\u00f3n de la Semana Santa 2026 en un click<\/h3><\/div>[vc_wp_text]\r\n<figure class=\"wp-block-image size-large\"><figcaption class=\"wp-element-caption\">Descarga el programa completo <a href=\"https:\/\/www.semanasantavinaros.es\/ss\/wp-content\/uploads\/ss26web.pdf\">aqu\u00ed<\/a><\/figcaption><\/figure>\r\n<p class=\"p1\"><!-- \/wp:image --><!-- wp:shortcode --><\/p>\r\n\r\n<div class=\"vc_wp_text wpb_content_element\">\r\n<div class=\"widget widget_text\">\r\n<div class=\"textwidget\">\r\n<p class=\"p1\"><span style=\"color: #993300;\"><b><i>13 de marzo <\/i><\/b><\/span><\/p>\r\n<p class=\"p2\"><span style=\"color: #993300;\"><b>21:30 h, PROCESI\u00d3N Y LECTURA DE LAS 7 PALABRAS<\/b><\/span><\/p>\r\n<p class=\"p2\"><span style=\"color: #993300;\"><b>XXXVI Festividad de la Serena Majestat del Crist dels Mariners<\/b><\/span><\/p>\r\n<p class=\"p3\"><span class=\"s1\">Bajada desde la Capilla del Carmen hasta la \u201cPlatja dels Pinets\u201d, acompa\u00f1ados por la banda de Bombos y Tambores \u201cCrist dels Mariners\u201d.<\/span><\/p>\r\n<p class=\"p3\">Capilla del Carmen.<\/p>\r\n<p class=\"p3\"><i>Organiza: Cofrad\u00eda Crist dels Mariners<\/i><\/p>\r\n<p class=\"p1\"><span style=\"color: #993300;\"><b><i>14 de marzo<\/i><\/b><\/span><\/p>\r\n<p class=\"p2\"><span style=\"color: #993300;\"><b>20:00 h, Concierto de \u00d3rgano <\/b><\/span><\/p>\r\n<p class=\"p3\"><span class=\"s1\"><i>Organista: Daniel Rubio Ferrandis<\/i><\/span><\/p>\r\n<p class=\"p5\"><span class=\"s1\"><i>Tres piezas del Museo Org\u00e1nico Espa\u00f1ol, op.121..Hilari\u00f3n Eslava<\/i><\/span><\/p>\r\n<p class=\"p5\"><span class=\"s1\"><i>Tres meditaciones &#8211; Eduardo Torres<\/i><\/span><\/p>\r\n<p class=\"p5\"><span class=\"s1\"><i>Variaciones sobre un tema vasco &#8211; Jes\u00fas Guridi<\/i><\/span><\/p>\r\n<p class=\"p5\"><span class=\"s1\"><i>Suite gothique, op.25 &#8211; L\u00e9on Bo\u00ebllmann<\/i><\/span><\/p>\r\n<p class=\"p3\">Iglesia Arciprestal<\/p>\r\n<p class=\"p2\"><span style=\"color: #993300;\"><b>HERMANDAD DE JES\u00daS CAUTIVO Y NTRA. SRA. DE LA MERCED<\/b><\/span><\/p>\r\n<p class=\"p2\"><span style=\"color: #993300;\"><b>QUINARIO los d\u00edas 17, 18, 19, 20 y 21 de marzo a las 19:30h. <\/b><\/span><\/p>\r\n<p class=\"p3\"><span class=\"s2\" style=\"color: #993300;\"><b>El d\u00eda 21 de marzo, a las 19:30 h,<\/b> <\/span>misa y Voto de silencio de los costaleros\/as.<\/p>\r\n<p class=\"p3\">Iglesia Santa Magdalena<\/p>\r\n<p class=\"p1\"><span style=\"color: #993300;\"><b><i>21 de marzo<\/i><\/b><\/span><\/p>\r\n<p class=\"p2\"><span style=\"color: #993300;\"><b>20:00 h, Conferencia a cargo de Helena Rom\u00e1n Caro<\/b><\/span><\/p>\r\n<p class=\"p3\">\u201cUn museu sense murs ni vitrines: La Setmana Santa de Vinar\u00f2s, l\u2019art surt al carrer\u201d<\/p>\r\n<p class=\"p3\">Iglesia Arciprestal<\/p>\r\n<p class=\"p1\"><span style=\"color: #993300;\"><b><i>22 de marzo<\/i><\/b><\/span><\/p>\r\n<p class=\"p2\"><span style=\"color: #993300;\"><b>13:00 h, Inauguraci\u00f3n de la Exposici\u00f3n de la Semana Santa de Vinar\u00f2s y de las miniaturas<\/b><span class=\"s3\"> en el Auditorio Wenceslao Ayguals d\u2019Izco<\/span><\/span><\/p>\r\n<p class=\"p2\"><span style=\"color: #993300;\"><b>Del 15 de marzo al 5 de abril.<\/b><\/span><\/p>\r\n<p class=\"p3\"><span class=\"s2\" style=\"color: #993300;\"><b>Horario de visitas: <\/b><\/span>martes de 18h a 21h y de mi\u00e9rcoles a domingo de 10h a 13h y de 18h a 21h.<\/p>\r\n<p class=\"p3\"><span style=\"color: #993300;\"><span class=\"s2\"><b>17:00 h, Representaci\u00f3n de la Passi\u00f3 de Castellvell del Cam<\/b><\/span>p,<\/span> a cargo de grupo \u201cLa Teatr\u2019era\u201d: es una pasi\u00f3n teatralizada con textos recogidos de tres pasiones de Catalu\u00f1a: Ulldecona, Esparraguera i Olesa de Montserrat.<\/p>\r\n<p class=\"p3\">Iglesia Arciprestal<\/p>\r\n<p class=\"p2\"><span style=\"color: #993300;\"><b>COFRAD\u00cdA DE JES\u00daS NAZARENO Y SANTO SEPULCRO<\/b><\/span><\/p>\r\n<p class=\"p2\"><span style=\"color: #993300;\"><b>NOVENA del 23 al 31 de marzo a las 19:30h. <\/b><\/span><\/p>\r\n<p class=\"p3\">Iglesia Arciprestal<\/p>\r\n<p class=\"p2\"><span style=\"color: #993300;\"><b>PORTANTES VIRGEN DE LOS DOLORES<\/b><\/span><\/p>\r\n<p class=\"p2\"><span style=\"color: #993300;\"><b>TRIDUO los d\u00edas 25, 26 y 27 de marzo a las 19:30h. <\/b><\/span><\/p>\r\n<p class=\"p3\"><span class=\"s2\" style=\"color: #993300;\"><b>El d\u00eda 27 de marzo <\/b><\/span>la misa ser\u00e1 en sufragio de los cofrades difuntos.<\/p>\r\n<p class=\"p3\">Iglesia Santa Magdalena<\/p>\r\n\r\n<\/div>\r\n<\/div>\r\n<\/div>\r\n&nbsp;\r\n\r\n&#8230;&#8230;&#8230;&#8230;&#8230;&#8230;\r\n\r\n<span style=\"color: #800080;\"><strong>\u00a0<\/strong><\/span>[\/vc_wp_text]<div class=\"themeum-button \" style=\"display: inline; text-align:center;display:block;\"><a data-hover-color=\"#000000\" data-hover-bg-color=\"#cca300\"  class=\"thm-color themeum_button_shortcode\" style=\"font-size:16px;line-height:16px;color:#000000;background:#ffcc00;border-radius:4px;font-weight:700;margin:60px 0 0 0;padding:16px 25px;display:inline-block\" href=\"https:\/\/www.semanasantavinaros.es\/ss\/programacion\/\" target=\"_blank\">Todos los d\u00edas<\/a><\/div>[\/vc_column][\/vc_row][vc_row full_width=\u00bbstretch_row\u00bb css=\u00bb.vc_custom_1456763270082{margin-top: 0px !important;margin-bottom: 0px !important;padding-top: 70px !important;padding-bottom: 100px !important;background-image: url(https:\/\/www.semanasantavinaros.es\/ss\/wp-content\/uploads\/home-sponsors-bg.jpg?id=152) !important;background-position: center !important;background-repeat: no-repeat !important;background-size: cover !important;}\u00bb][vc_column]<div class=\"themeum-title  \" style=\"text-align:center;\"><h3 class=\"style-title\" style=\"margin:0 0 5px 0;font-weight:900;font-size:36px;line-height: normal;color:#333333;\">Colaboradores<\/h3><h4 class=\"style-sub-title\" style=\"font-size:16px;font-weight:300;color:#333333;\">Gracias por ayudarnos<\/h4><\/div>[vc_row_inner css=\u00bb.vc_custom_1444117965172{margin-bottom: 0px !important;}\u00bb][vc_column_inner width=\u00bb1\/4&#8243;][vc_single_image image=\u00bb776&#8243; img_size=\u00bbfull\u00bb alignment=\u00bbcenter\u00bb css=\u00bb.vc_custom_1456506079403{margin-bottom: 30px !important;}\u00bb][\/vc_column_inner][vc_column_inner width=\u00bb1\/4&#8243;][vc_single_image image=\u00bb772&#8243; img_size=\u00bbmedium\u00bb add_caption=\u00bbyes\u00bb][\/vc_column_inner][vc_column_inner width=\u00bb1\/4&#8243;][vc_single_image image=\u00bb775&#8243;][\/vc_column_inner][vc_column_inner width=\u00bb1\/4&#8243;][vc_single_image image=\u00bb774&#8243; img_size=\u00bbmedium\u00bb add_caption=\u00bbyes\u00bb][\/vc_column_inner][\/vc_row_inner][vc_row_inner][vc_column_inner][vc_single_image image=\u00bb778&#8243; img_size=\u00bbfull\u00bb alignment=\u00bbcenter\u00bb css=\u00bb.vc_custom_1456506403289{margin-bottom: 30px !important;}\u00bb][\/vc_column_inner][\/vc_row_inner][\/vc_column][\/vc_row][vc_row full_width=\u00bbstretch_row\u00bb css=\u00bb.vc_custom_1452074267624{margin-top: 70px !important;margin-bottom: 60px !important;}\u00bb][vc_column]<div class=\"themeum-title  \" style=\"text-align:center;\"><h3 class=\"style-title\" style=\"margin:0 0 70px 0;font-weight:900;font-size:36px;line-height: normal;color:#333333;\">Ven a vernos<\/h3><h4 class=\"style-sub-title\" style=\"\">Vinar\u00f2s ha sido siempre una poblaci\u00f3n festiva, que hace participe de su alegr\u00eda a todos cuantos se acercan a ella. La diversi\u00f3n, y a su vez la tradici\u00f3n, residen en sus muchas celebraciones. Una buena opci\u00f3n es dejarte llevar y adentrarte en estas celebraciones que seguro te sorprender\u00e1n.<\/h4><\/div>[vc_single_image image=\u00bb786&#8243; img_size=\u00bb3520&#215;1120&#8243; alignment=\u00bbcenter\u00bb onclick=\u00bbcustom_link\u00bb link=\u00bbhttps:\/\/www.semanasantavinaros.es\/ss\/cofradia\/\u00bb][\/vc_column][vc_column width=\u00bb1\/3&#8243;][vc_single_image image=\u00bb512&#8243; img_size=\u00bbfull\u00bb alignment=\u00bbcenter\u00bb][vc_column_text]\r\n<h3 style=\"text-align: center;\">Vinar\u00f2s<\/h3>\r\n<p style=\"text-align: center;\">\u00a0Setmana Santa de Vinar\u00f2s<\/p>\r\n<p style=\"text-align: center;\">del 27 de Mar\u00e7 AL 5 d&#8217;abril 2026<\/p>\r\n<p style=\"text-align: center;\">FIESTA DE INTER\u00c9S TUR\u00cdSTICO AUTON\u00d3MICO<\/p>\r\n[\/vc_column_text][\/vc_column][vc_column width=\u00bb1\/3&#8243;][vc_single_image image=\u00bb513&#8243; img_size=\u00bbfull\u00bb alignment=\u00bbcenter\u00bb][vc_column_text]\r\n<h3 style=\"text-align: center;\">Transporte<\/h3>\r\n<p style=\"text-align: center;\">La carretera N-340 bordea la poblaci\u00f3n para poder acceder a Vinar\u00f2s. Asimismo, la autopista A-7 cuenta con dos desv\u00edos que le acercar\u00e1n a la poblaci\u00f3n por el norte (salida 42 &#8211; Ulldecona, Alcanar) o por el sur (salida 43 &#8211; Pe\u00f1\u00edscola, Benicarl\u00f3, Vinar\u00f2s). Adem\u00e1s, Vinar\u00f2s cuenta con estaci\u00f3n de tren y de autobuses. Si prefiere venir por mar, el puerto deportivo y el puerto pesquero le dar\u00e1n la bienvenida.<\/p>\r\n[\/vc_column_text]<div class=\"themeum-button \" style=\"display: inline; text-align:center;display:block;\"><a data-hover-color=\"#000000\" data-hover-bg-color=\"#cca300\"  class=\"thm-color themeum_button_shortcode\" style=\"font-size:16px;line-height:16px;color:#000000;background:#ffcc00;border-radius:4px;font-weight:700;margin:60px 0 0 0;padding:16px 25px;display:inline-block\" href=\"http:\/\/turisme.vinaros.es\/es\/\" target=\"_blank\">M\u00e1s informaci\u00f3n<\/a><\/div>[\/vc_column][vc_column width=\u00bb1\/3&#8243;][vc_single_image image=\u00bb514&#8243; img_size=\u00bbfull\u00bb alignment=\u00bbcenter\u00bb][vc_column_text]\r\n<h3 style=\"text-align: center;\">Hotel &amp; Restaurant<\/h3>\r\n<div class=\"punto_category_resumen\" style=\"text-align: center;\">En Vinar\u00f2s podran disfrutar de la gastronom\u00eda m\u00e1s tipica de la zona, con una gran oferta de restaurantes y bares.<\/div>\r\n<div class=\"punto_category_resumen\" style=\"text-align: center;\">\r\n<div id=\"listadoDescription-desc\" class=\"punto_description_ampliada\">\r\n\r\nPara relajarte y disfrutar de su estancia en Vinar\u00f2s, existe un gran abanico de posibilidades para pasar la noche\r\n\r\n<\/div>\r\n<\/div>\r\n[\/vc_column_text][\/vc_column][\/vc_row]<\/div>","protected":false},"excerpt":{"rendered":"<p>[vc_row full_width=\u00bbstretch_row\u00bb][vc_column][rev_slider_vc alias=\u00bbslider-variation1&#8243;][\/vc_column][\/vc_row][vc_row full_width=\u00bbstretch_row\u00bb css=\u00bb.vc_custom_1452074228893{margin-top: 70px !important;margin-bottom: 100px !important;}\u00bb][vc_column width=\u00bb1\/4&#8243;][\/vc_column][vc_column width=\u00bb3\/4&#8243;][vc_empty_space height=\u00bb25px\u00bb][vc_column_text] Las procesiones al anochecer y actos religiosos se centran principalmente en los d\u00edas de Jueves y Viernes Santo. Pasos e im\u00e1genes religiosas de gran valor art\u00edstico salen de iglesias y capillas. La primera de las procesiones es el Mi\u00e9rcoles santo a las cinco&nbsp;<\/p>\n<p><a class=\"btn btn-style\" href=\"https:\/\/www.semanasantavinaros.es\/ss\/bases-del-concurso-carteles-semana-santa-vinaros-2026\/\">Continue Reading<\/a><\/p>\n","protected":false},"author":1,"featured_media":0,"parent":0,"menu_order":0,"comment_status":"closed","ping_status":"closed","template":"homepage.php","meta":{"_mi_skip_tracking":false},"_links":{"self":[{"href":"https:\/\/www.semanasantavinaros.es\/ss\/wp-json\/wp\/v2\/pages\/536"}],"collection":[{"href":"https:\/\/www.semanasantavinaros.es\/ss\/wp-json\/wp\/v2\/pages"}],"about":[{"href":"https:\/\/www.semanasantavinaros.es\/ss\/wp-json\/wp\/v2\/types\/page"}],"author":[{"embeddable":true,"href":"https:\/\/www.semanasantavinaros.es\/ss\/wp-json\/wp\/v2\/users\/1"}],"replies":[{"embeddable":true,"href":"https:\/\/www.semanasantavinaros.es\/ss\/wp-json\/wp\/v2\/comments?post=536"}],"version-history":[{"count":95,"href":"https:\/\/www.semanasantavinaros.es\/ss\/wp-json\/wp\/v2\/pages\/536\/revisions"}],"predecessor-version":[{"id":1499,"href":"https:\/\/www.semanasantavinaros.es\/ss\/wp-json\/wp\/v2\/pages\/536\/revisions\/1499"}],"wp:attachment":[{"href":"https:\/\/www.semanasantavinaros.es\/ss\/wp-json\/wp\/v2\/media?parent=536"}],"curies":[{"name":"wp","href":"https:\/\/api.w.org\/{rel}","templated":true}]}}